{"id":541,"date":"2021-12-27T03:34:03","date_gmt":"2021-12-27T08:34:03","guid":{"rendered":"https:\/\/togetherottawaensemble.ca\/about-us\/"},"modified":"2022-05-02T14:13:10","modified_gmt":"2022-05-02T18:13:10","slug":"a-propos-de-nous","status":"publish","type":"page","link":"https:\/\/togetherottawaensemble.ca\/fr\/a-propos-de-nous\/","title":{"rendered":"\u00c0 propos de nous"},"content":{"rendered":"<p><div class=\"fusion-fullwidth fullwidth-box fusion-builder-row-1 fusion-flex-container nonhundred-percent-fullwidth non-hundred-percent-height-scrolling\" style=\"background-color: var(--awb-custom_color_1);background-image:linear-gradient(259deg, rgba(0,0,0,0.34) 33%,rgba(255,255,255,0) 66%);background-position: center top;background-repeat: no-repeat;border-width: 0px 0px 0px 0px;border-color:var(--awb-color3);border-style:solid;\" ><div class=\"fusion-builder-row fusion-row fusion-flex-align-items-flex-end fusion-flex-justify-content-center\" style=\"max-width:1248px;margin-left: calc(-4% \/ 2 );margin-right: calc(-4% \/ 2 );\"><div class=\"fusion-layout-column fusion_builder_column fusion-builder-column-0 fusion_builder_column_1_1 1_1 fusion-flex-column\"><div class=\"fusion-column-wrapper fusion-flex-justify-content-flex-end fusion-content-layout-column\" style=\"background-position:left top;background-repeat:no-repeat;-webkit-background-size:cover;-moz-background-size:cover;-o-background-size:cover;background-size:cover;padding: 0px 0px 0px 0px;\"><style type=\"text\/css\">@media only screen and (max-width:1024px) {.fusion-title.fusion-title-1{margin-top:10px!important; margin-right:0px!important;margin-bottom:15px!important;margin-left:0px!important;}}@media only screen and (max-width:640px) {.fusion-title.fusion-title-1{margin-top:10px!important; margin-right:0px!important;margin-bottom:10px!important; margin-left:0px!important;}}<\/style><div class=\"fusion-title title fusion-title-1 fusion-sep-none fusion-title-text fusion-title-size-one fusion-animated\" style=\"margin-top:10px;margin-right:0px;margin-bottom:15px;margin-left:0px;\" data-animationType=\"fadeIn\" data-animationDuration=\"0.3\" data-animationOffset=\"top-into-view\"><h1 class=\"title-heading-left\" style=\"margin:0;color:var(--awb-color1);\">\u00c0 propos de nous<\/h1><\/div><\/div><style type=\"text\/css\">.fusion-body .fusion-builder-column-0{width:100% !important;margin-top : 0px;margin-bottom : 20px;}.fusion-builder-column-0 > .fusion-column-wrapper {padding-top : 0px !important;padding-right : 0px !important;margin-right : 1.92%;padding-bottom : 0px !important;padding-left : 0px !important;margin-left : 1.92%;}@media only screen and (max-width:1024px) {.fusion-body .fusion-builder-column-0{width:100% !important;order : 0;}.fusion-builder-column-0 > .fusion-column-wrapper {margin-right : 1.92%;margin-left : 1.92%;}}@media only screen and (max-width:640px) {.fusion-body .fusion-builder-column-0{width:100% !important;order : 0;}.fusion-builder-column-0 > .fusion-column-wrapper {margin-right : 1.92%;margin-left : 1.92%;}}<\/style><\/div><\/div><style type=\"text\/css\">.fusion-body .fusion-flex-container.fusion-builder-row-1{ padding-top : 20px;margin-top : 0;padding-right : 0px;padding-bottom : 0px;margin-bottom : 60px;padding-left : 0px;}<\/style><\/div>\n<div class=\"fusion-fullwidth fullwidth-box fusion-builder-row-2 fusion-flex-container nonhundred-percent-fullwidth non-hundred-percent-height-scrolling\" style=\"background-color: rgba(255,255,255,0);background-position: center center;background-repeat: no-repeat;border-width: 0px 0px 0px 0px;border-color:var(--awb-color3);border-style:solid;\" ><div class=\"fusion-builder-row fusion-row fusion-flex-align-items-flex-start\" style=\"max-width:1248px;margin-left: calc(-4% \/ 2 );margin-right: calc(-4% \/ 2 );\"><div class=\"fusion-layout-column fusion_builder_column fusion-builder-column-1 fusion_builder_column_1_1 1_1 fusion-flex-column\"><div class=\"fusion-column-wrapper fusion-flex-justify-content-flex-start fusion-content-layout-column\" style=\"background-position:left top;background-repeat:no-repeat;-webkit-background-size:cover;-moz-background-size:cover;-o-background-size:cover;background-size:cover;padding: 0px 0px 0px 0px;\"><style type=\"text\/css\">@media only screen and (max-width:1024px) {.fusion-title.fusion-title-2{margin-top:10px!important; margin-right:0px!important;margin-bottom:15px!important;margin-left:0px!important;}}@media only screen and (max-width:640px) {.fusion-title.fusion-title-2{margin-top:10px!important; margin-right:0px!important;margin-bottom:10px!important; margin-left:0px!important;}}<\/style><div class=\"fusion-title title fusion-title-2 fusion-sep-none fusion-title-text fusion-title-size-two\" style=\"margin-top:10px;margin-right:0px;margin-bottom:15px;margin-left:0px;\"><h2 class=\"title-heading-left\" style=\"margin:0;\">\u00c0 propos de Together Ottawa Ensemble<\/h2><\/div><div class=\"fusion-text fusion-text-1\" style=\"text-transform:none;\"><p>Notre communaut\u00e9 entre dans une nouvelle phase de r\u00e9tablissement, \u00e0 la suite des nombreux probl\u00e8mes avec lesquels nous avons d\u00fb composer et qui ont eu un effet tr\u00e8s grave sur notre population. Notre communaut\u00e9 a \u00e9t\u00e9 fragment\u00e9e et de nombreux r\u00e9sidents et r\u00e9sidentes se sont sentis isol\u00e9s et anxieux. Une nouvelle \u00e8re s\u2019ouvre \u00e0 nous alors que nous r\u00e9fl\u00e9chissons aux pertes que nous avons subies et \u00e0 ce que nous esp\u00e9rons et recherchons pour am\u00e9liorer et restaurer notre ville. Le fait de renouer avec la famille, les amis et la communaut\u00e9 stimule notre d\u00e9sir de liens sociaux. Nous cherchons \u00e0 remplacer la peur par l\u2019empathie et la compassion. Nous savons que le moment approche de rassembler les r\u00e9sidents d\u2019Ottawa pour :<\/p>\n<ul>\n<li>Se souvenir et honorer ceux que nous avons perdus.<\/li>\n<li>Remercier ceux qui nous ont aid\u00e9s \u00e0 traverser une p\u00e9riode difficile.<\/li>\n<li>R\u00e9fl\u00e9chir \u00e0 ce que nous avons appris au cours de cette pand\u00e9mie.<\/li>\n<li>Imaginer un avenir prometteur.<\/li>\n<\/ul>\n<p>Nous invitons la population de notre ville \u00e0 planifier une ou plusieurs activit\u00e9s du 11 au 26 juin 2022. Ces activit\u00e9s affirmeront notre intention commune de soutenir ceux qui ont \u00e9t\u00e9 confront\u00e9s \u00e0 la perte et \u00e0 la tristesse et d\u2019encourager tous les r\u00e9sidents et r\u00e9sidentes d\u2019Ottawa \u00e0 c\u00e9l\u00e9brer un avenir plus prometteur. Cette planification a commenc\u00e9 il y a pr\u00e8s d\u2019un an, lorsque nous avons organis\u00e9 des r\u00e9unions avec des chefs de file communautaires pour explorer l\u2019id\u00e9e de trouver un moyen de rassembler les membres de notre communaut\u00e9. Leur soutien a \u00e9t\u00e9 des plus enthousiaste.<\/p>\n<p>Compassion Ottawa, la Ville d\u2019Ottawa et de nombreux partenaires communautaires ont travaill\u00e9 ensemble, et nous sommes fiers de d\u00e9montrer ce que cela signifie d\u2019\u00eatre une ville construite autour de la collaboration et de l\u2019inclusion.<\/p>\n<\/div><\/div><style type=\"text\/css\">.fusion-body .fusion-builder-column-1{width:100% !important;margin-top : 0px;margin-bottom : 20px;}.fusion-builder-column-1 > .fusion-column-wrapper {padding-top : 0px !important;padding-right : 0px !important;margin-right : 1.92%;padding-bottom : 0px !important;padding-left : 0px !important;margin-left : 1.92%;}@media only screen and (max-width:1024px) {.fusion-body .fusion-builder-column-1{width:100% !important;order : 0;}.fusion-builder-column-1 > .fusion-column-wrapper {margin-right : 1.92%;margin-left : 1.92%;}}@media only screen and (max-width:640px) {.fusion-body .fusion-builder-column-1{width:100% !important;order : 0;}.fusion-builder-column-1 > .fusion-column-wrapper {margin-right : 1.92%;margin-left : 1.92%;}}<\/style><\/div><\/div><style type=\"text\/css\">.fusion-body .fusion-flex-container.fusion-builder-row-2{ padding-top : 0px;margin-top : 0px;padding-right : 0px;padding-bottom : 0px;margin-bottom : 0px;padding-left : 0px;}<\/style><\/div><div class=\"fusion-fullwidth fullwidth-box fusion-builder-row-3 fusion-flex-container nonhundred-percent-fullwidth non-hundred-percent-height-scrolling\" style=\"background-color: rgba(255,255,255,0);background-position: center center;background-repeat: no-repeat;border-width: 0px 0px 0px 0px;border-color:var(--awb-color3);border-style:solid;\" ><div class=\"fusion-builder-row fusion-row fusion-flex-align-items-flex-start\" style=\"max-width:1248px;margin-left: calc(-4% \/ 2 );margin-right: calc(-4% \/ 2 );\"><div class=\"fusion-layout-column fusion_builder_column fusion-builder-column-2 fusion_builder_column_1_1 1_1 fusion-flex-column\"><div class=\"fusion-column-wrapper fusion-flex-justify-content-flex-start fusion-content-layout-column\" style=\"background-position:left top;background-repeat:no-repeat;-webkit-background-size:cover;-moz-background-size:cover;-o-background-size:cover;background-size:cover;padding: 0px 0px 0px 0px;\"><style type=\"text\/css\">@media only screen and (max-width:1024px) {.fusion-title.fusion-title-3{margin-top:10px!important; margin-right:0px!important;margin-bottom:15px!important;margin-left:0px!important;}}@media only screen and (max-width:640px) {.fusion-title.fusion-title-3{margin-top:10px!important; margin-right:0px!important;margin-bottom:10px!important; margin-left:0px!important;}}<\/style><div class=\"fusion-title title fusion-title-3 fusion-sep-none fusion-title-text fusion-title-size-two\" style=\"margin-top:10px;margin-right:0px;margin-bottom:15px;margin-left:0px;\"><h2 class=\"title-heading-left\" style=\"margin:0;\">Comit\u00e9 directeur<\/h2><\/div><div class=\"fusion-text fusion-text-2\" style=\"text-transform:none;\"><p>En cours de route, nous avons \u00e9t\u00e9 guid\u00e9s par un comit\u00e9 directeur repr\u00e9sentant divers secteurs d\u2019Ottawa. Leur nom et leur affiliation figurent ci-dessous, et nous ne saurions trop les remercier pour leur temps, leurs conseils et leur enthousiasme :<\/p>\n<\/div><div class=\"fusion-text fusion-text-3 fusion-text-split-columns fusion-text-columns-2\" style=\" -webkit-column-count:2; -webkit-column-gap:2em; -webkit-column-width:100px; -moz-column-count:2; -moz-column-gap:2em; -moz-column-width:100px; column-count:2; column-gap:2em; column-width:100px;text-transform:none;\"><p><strong>Farah Aw-Osman, Le Centre pour la r\u00e9silience et le d\u00e9veloppement social<\/strong><\/p>\n<p><strong>Rick Baker, Association canadienne des personnes retrait\u00e9es Ottawa<\/strong><\/p>\n<p><strong>Kate Capogreco, Ville d\u2019Ottawa<\/strong><\/p>\n<p><strong>Bruno Carchidi, Maisons fun\u00e9raires Tubman<\/strong><\/p>\n<p><strong>Janet Dunbrack, Compassion Ottawa<\/strong><\/p>\n<p><strong>Wenjean Ho, Centre de soutien des a\u00een\u00e9s chinois de Kanata<\/strong><\/p>\n<p><strong>Jack McCarthy, Compassion Ottawa<\/strong><\/p>\n<p><strong>Monica Patten, Compassion Ottawa<\/strong><\/p>\n<p><strong>Nicole Redford, Ville d\u2019Ottawa<\/strong><\/p>\n<p><strong>Erinn Salewski, Sant\u00e9 publique Ottawa<\/strong><\/p>\n<p><strong>Lisa Sullivan, Soins palliatifs Ottawa<\/strong><\/p>\n<p><strong>Brian Tardif, retrait\u00e9, Citizen Advocacy of Ottawa (maintenant ABLE2)<\/strong><\/p>\n<p><strong>Krystal Taylor, d\u00e9fenseure de l\u2019engagement communautaire et de la sant\u00e9<\/strong><\/p>\n<p><strong>Michel Tremblay, F\u00e9d\u00e9ration des a\u00een\u00e9s et retrait\u00e9s francophones de l\u2019Ontario<\/strong><\/p>\n<p><strong>Eva Zacios, table de St. Luke<\/strong><\/p>\n<\/div><\/div><style type=\"text\/css\">.fusion-body .fusion-builder-column-2{width:100% !important;margin-top : 0px;margin-bottom : 40px;}.fusion-builder-column-2 > .fusion-column-wrapper {padding-top : 0px !important;padding-right : 0px !important;margin-right : 1.92%;padding-bottom : 0px !important;padding-left : 0px !important;margin-left : 1.92%;}@media only screen and (max-width:1024px) {.fusion-body .fusion-builder-column-2{width:100% !important;order : 0;}.fusion-builder-column-2 > .fusion-column-wrapper {margin-right : 1.92%;margin-left : 1.92%;}}@media only screen and (max-width:640px) {.fusion-body .fusion-builder-column-2{width:100% !important;order : 0;}.fusion-builder-column-2 > .fusion-column-wrapper {margin-right : 1.92%;margin-left : 1.92%;}}<\/style><\/div><\/div><style type=\"text\/css\">.fusion-body .fusion-flex-container.fusion-builder-row-3{ padding-top : 0px;margin-top : 0px;padding-right : 0px;padding-bottom : 0px;margin-bottom : 0px;padding-left : 0px;}<\/style><\/div><div class=\"fusion-fullwidth fullwidth-box fusion-builder-row-4 fusion-flex-container nonhundred-percent-fullwidth non-hundred-percent-height-scrolling\" style=\"background-color: rgba(255,255,255,0);background-position: center center;background-repeat: no-repeat;border-width: 0px 0px 0px 0px;border-color:var(--awb-color3);border-style:solid;\" ><div class=\"fusion-builder-row fusion-row fusion-flex-align-items-flex-start\" style=\"max-width:1248px;margin-left: calc(-4% \/ 2 );margin-right: calc(-4% \/ 2 );\"><div class=\"fusion-layout-column fusion_builder_column fusion-builder-column-3 fusion_builder_column_1_1 1_1 fusion-flex-column\"><div class=\"fusion-column-wrapper fusion-flex-justify-content-flex-start fusion-content-layout-column\" style=\"background-position:left top;background-repeat:no-repeat;-webkit-background-size:cover;-moz-background-size:cover;-o-background-size:cover;background-size:cover;padding: 0px 0px 0px 0px;\"><style type=\"text\/css\">@media only screen and (max-width:1024px) {.fusion-title.fusion-title-4{margin-top:10px!important; margin-right:0px!important;margin-bottom:15px!important;margin-left:0px!important;}}@media only screen and (max-width:640px) {.fusion-title.fusion-title-4{margin-top:10px!important; margin-right:0px!important;margin-bottom:10px!important; margin-left:0px!important;}}<\/style><div class=\"fusion-title title fusion-title-4 fusion-sep-none fusion-title-text fusion-title-size-two\" style=\"margin-top:10px;margin-right:0px;margin-bottom:15px;margin-left:0px;\"><h2 class=\"title-heading-left\" style=\"margin:0;\">\u00c0 propos de Compassion Ottawa<\/h2><\/div><div class=\"fusion-text fusion-text-4\" style=\"text-transform:none;\"><p><em>Together Ottawa Ensemble<\/em> est une initiative de Compassion Ottawa, un mouvement citoyen qui s\u2019efforce de changer la fa\u00e7on dont nous pensons au bien vivre, \u00e0 la mort et au deuil, et de renforcer la capacit\u00e9 des gens \u00e0 prendre soin les uns les autres en p\u00e9riode de maladie grave et de perte. Compassion Ottawa fait partie d\u2019un mouvement mondial visant \u00e0 aider les communaut\u00e9s \u00e0 devenir plus compatissantes. <a href=\"http:\/\/compassionateottawa.ca\/fr\">Cliquez ici<\/a> pour en savoir plus sur Compassion Ottawa.<\/p>\n<\/div><\/div><style type=\"text\/css\">.fusion-body .fusion-builder-column-3{width:100% !important;margin-top : 0px;margin-bottom : 20px;}.fusion-builder-column-3 > .fusion-column-wrapper {padding-top : 0px !important;padding-right : 0px !important;margin-right : 1.92%;padding-bottom : 0px !important;padding-left : 0px !important;margin-left : 1.92%;}@media only screen and (max-width:1024px) {.fusion-body .fusion-builder-column-3{width:100% !important;order : 0;}.fusion-builder-column-3 > .fusion-column-wrapper {margin-right : 1.92%;margin-left : 1.92%;}}@media only screen and (max-width:640px) {.fusion-body .fusion-builder-column-3{width:100% !important;order : 0;}.fusion-builder-column-3 > .fusion-column-wrapper {margin-right : 1.92%;margin-left : 1.92%;}}<\/style><\/div><\/div><style type=\"text\/css\">.fusion-body .fusion-flex-container.fusion-builder-row-4{ padding-top : 0px;margin-top : 0px;padding-right : 0px;padding-bottom : 0px;margin-bottom : 0px;padding-left : 0px;}<\/style><\/div><\/p>\n","protected":false},"excerpt":{"rendered":"","protected":false},"author":2,"featured_media":0,"parent":0,"menu_order":0,"comment_status":"closed","ping_status":"closed","template":"100-width.php","meta":{"footnotes":""},"class_list":["post-541","page","type-page","status-publish","hentry"],"acf":[],"yoast_head":"<!-- This site is optimized with the Yoast SEO plugin v27.4 - https:\/\/yoast.com\/product\/yoast-seo-wordpress\/ -->\n<title>\u00c0 propos de nous - Together Ottawa Ensemble<\/title>\n<meta name=\"robots\" content=\"index, follow, max-snippet:-1, max-image-preview:large, max-video-preview:-1\" \/>\n<link rel=\"canonical\" href=\"https:\/\/togetherottawaensemble.ca\/fr\/a-propos-de-nous\/\" \/>\n<meta property=\"og:locale\" content=\"fr_FR\" \/>\n<meta property=\"og:type\" content=\"article\" \/>\n<meta property=\"og:title\" content=\"\u00c0 propos de nous - Together Ottawa Ensemble\" \/>\n<meta property=\"og:url\" content=\"https:\/\/togetherottawaensemble.ca\/fr\/a-propos-de-nous\/\" \/>\n<meta property=\"og:site_name\" content=\"Together Ottawa Ensemble\" \/>\n<meta property=\"article:publisher\" content=\"https:\/\/www.facebook.com\/Togetherottawaensemble-106424122008194\" \/>\n<meta property=\"article:modified_time\" content=\"2022-05-02T18:13:10+00:00\" \/>\n<meta name=\"twitter:card\" content=\"summary_large_image\" \/>\n<meta name=\"twitter:site\" content=\"@OttawaEnsemble\" \/>\n<meta name=\"twitter:label1\" content=\"Dur\u00e9e de lecture estim\u00e9e\" \/>\n\t<meta name=\"twitter:data1\" content=\"15 minutes\" \/>\n<script type=\"application\/ld+json\" class=\"yoast-schema-graph\">{\"@context\":\"https:\\\/\\\/schema.org\",\"@graph\":[{\"@type\":\"WebPage\",\"@id\":\"https:\\\/\\\/togetherottawaensemble.ca\\\/fr\\\/a-propos-de-nous\\\/\",\"url\":\"https:\\\/\\\/togetherottawaensemble.ca\\\/fr\\\/a-propos-de-nous\\\/\",\"name\":\"\u00c0 propos de nous - Together Ottawa Ensemble\",\"isPartOf\":{\"@id\":\"https:\\\/\\\/togetherottawaensemble.ca\\\/fr\\\/#website\"},\"datePublished\":\"2021-12-27T08:34:03+00:00\",\"dateModified\":\"2022-05-02T18:13:10+00:00\",\"breadcrumb\":{\"@id\":\"https:\\\/\\\/togetherottawaensemble.ca\\\/fr\\\/a-propos-de-nous\\\/#breadcrumb\"},\"inLanguage\":\"fr-FR\",\"potentialAction\":[{\"@type\":\"ReadAction\",\"target\":[\"https:\\\/\\\/togetherottawaensemble.ca\\\/fr\\\/a-propos-de-nous\\\/\"]}]},{\"@type\":\"BreadcrumbList\",\"@id\":\"https:\\\/\\\/togetherottawaensemble.ca\\\/fr\\\/a-propos-de-nous\\\/#breadcrumb\",\"itemListElement\":[{\"@type\":\"ListItem\",\"position\":1,\"name\":\"Home\",\"item\":\"https:\\\/\\\/togetherottawaensemble.ca\\\/fr\\\/\"},{\"@type\":\"ListItem\",\"position\":2,\"name\":\"\u00c0 propos de nous\"}]},{\"@type\":\"WebSite\",\"@id\":\"https:\\\/\\\/togetherottawaensemble.ca\\\/fr\\\/#website\",\"url\":\"https:\\\/\\\/togetherottawaensemble.ca\\\/fr\\\/\",\"name\":\"Together Ottawa Ensemble\",\"description\":\"R\u00e9tablir nos liens communautaires\",\"publisher\":{\"@id\":\"https:\\\/\\\/togetherottawaensemble.ca\\\/fr\\\/#organization\"},\"potentialAction\":[{\"@type\":\"SearchAction\",\"target\":{\"@type\":\"EntryPoint\",\"urlTemplate\":\"https:\\\/\\\/togetherottawaensemble.ca\\\/fr\\\/?s={search_term_string}\"},\"query-input\":{\"@type\":\"PropertyValueSpecification\",\"valueRequired\":true,\"valueName\":\"search_term_string\"}}],\"inLanguage\":\"fr-FR\"},{\"@type\":\"Organization\",\"@id\":\"https:\\\/\\\/togetherottawaensemble.ca\\\/fr\\\/#organization\",\"name\":\"Together Ottawa Ensemble\",\"url\":\"https:\\\/\\\/togetherottawaensemble.ca\\\/fr\\\/\",\"logo\":{\"@type\":\"ImageObject\",\"inLanguage\":\"fr-FR\",\"@id\":\"https:\\\/\\\/togetherottawaensemble.ca\\\/fr\\\/#\\\/schema\\\/logo\\\/image\\\/\",\"url\":\"https:\\\/\\\/togetherottawaensemble.ca\\\/wp-content\\\/uploads\\\/2022\\\/04\\\/Logo_TogetherOttawaEnsemble_RGB.jpg\",\"contentUrl\":\"https:\\\/\\\/togetherottawaensemble.ca\\\/wp-content\\\/uploads\\\/2022\\\/04\\\/Logo_TogetherOttawaEnsemble_RGB.jpg\",\"width\":400,\"height\":200,\"caption\":\"Together Ottawa Ensemble\"},\"image\":{\"@id\":\"https:\\\/\\\/togetherottawaensemble.ca\\\/fr\\\/#\\\/schema\\\/logo\\\/image\\\/\"},\"sameAs\":[\"https:\\\/\\\/www.facebook.com\\\/Togetherottawaensemble-106424122008194\",\"https:\\\/\\\/x.com\\\/OttawaEnsemble\",\"https:\\\/\\\/www.instagram.com\\\/togetherottawaensemble\\\/\"]}]}<\/script>\n<!-- \/ Yoast SEO plugin. -->","yoast_head_json":{"title":"\u00c0 propos de nous - Together Ottawa Ensemble","robots":{"index":"index","follow":"follow","max-snippet":"max-snippet:-1","max-image-preview":"max-image-preview:large","max-video-preview":"max-video-preview:-1"},"canonical":"https:\/\/togetherottawaensemble.ca\/fr\/a-propos-de-nous\/","og_locale":"fr_FR","og_type":"article","og_title":"\u00c0 propos de nous - Together Ottawa Ensemble","og_url":"https:\/\/togetherottawaensemble.ca\/fr\/a-propos-de-nous\/","og_site_name":"Together Ottawa Ensemble","article_publisher":"https:\/\/www.facebook.com\/Togetherottawaensemble-106424122008194","article_modified_time":"2022-05-02T18:13:10+00:00","twitter_card":"summary_large_image","twitter_site":"@OttawaEnsemble","twitter_misc":{"Dur\u00e9e de lecture estim\u00e9e":"15 minutes"},"schema":{"@context":"https:\/\/schema.org","@graph":[{"@type":"WebPage","@id":"https:\/\/togetherottawaensemble.ca\/fr\/a-propos-de-nous\/","url":"https:\/\/togetherottawaensemble.ca\/fr\/a-propos-de-nous\/","name":"\u00c0 propos de nous - Together Ottawa Ensemble","isPartOf":{"@id":"https:\/\/togetherottawaensemble.ca\/fr\/#website"},"datePublished":"2021-12-27T08:34:03+00:00","dateModified":"2022-05-02T18:13:10+00:00","breadcrumb":{"@id":"https:\/\/togetherottawaensemble.ca\/fr\/a-propos-de-nous\/#breadcrumb"},"inLanguage":"fr-FR","potentialAction":[{"@type":"ReadAction","target":["https:\/\/togetherottawaensemble.ca\/fr\/a-propos-de-nous\/"]}]},{"@type":"BreadcrumbList","@id":"https:\/\/togetherottawaensemble.ca\/fr\/a-propos-de-nous\/#breadcrumb","itemListElement":[{"@type":"ListItem","position":1,"name":"Home","item":"https:\/\/togetherottawaensemble.ca\/fr\/"},{"@type":"ListItem","position":2,"name":"\u00c0 propos de nous"}]},{"@type":"WebSite","@id":"https:\/\/togetherottawaensemble.ca\/fr\/#website","url":"https:\/\/togetherottawaensemble.ca\/fr\/","name":"Together Ottawa Ensemble","description":"R\u00e9tablir nos liens communautaires","publisher":{"@id":"https:\/\/togetherottawaensemble.ca\/fr\/#organization"},"potentialAction":[{"@type":"SearchAction","target":{"@type":"EntryPoint","urlTemplate":"https:\/\/togetherottawaensemble.ca\/fr\/?s={search_term_string}"},"query-input":{"@type":"PropertyValueSpecification","valueRequired":true,"valueName":"search_term_string"}}],"inLanguage":"fr-FR"},{"@type":"Organization","@id":"https:\/\/togetherottawaensemble.ca\/fr\/#organization","name":"Together Ottawa Ensemble","url":"https:\/\/togetherottawaensemble.ca\/fr\/","logo":{"@type":"ImageObject","inLanguage":"fr-FR","@id":"https:\/\/togetherottawaensemble.ca\/fr\/#\/schema\/logo\/image\/","url":"https:\/\/togetherottawaensemble.ca\/wp-content\/uploads\/2022\/04\/Logo_TogetherOttawaEnsemble_RGB.jpg","contentUrl":"https:\/\/togetherottawaensemble.ca\/wp-content\/uploads\/2022\/04\/Logo_TogetherOttawaEnsemble_RGB.jpg","width":400,"height":200,"caption":"Together Ottawa Ensemble"},"image":{"@id":"https:\/\/togetherottawaensemble.ca\/fr\/#\/schema\/logo\/image\/"},"sameAs":["https:\/\/www.facebook.com\/Togetherottawaensemble-106424122008194","https:\/\/x.com\/OttawaEnsemble","https:\/\/www.instagram.com\/togetherottawaensemble\/"]}]}},"_links":{"self":[{"href":"https:\/\/togetherottawaensemble.ca\/fr\/wp-json\/wp\/v2\/pages\/541","targetHints":{"allow":["GET"]}}],"collection":[{"href":"https:\/\/togetherottawaensemble.ca\/fr\/wp-json\/wp\/v2\/pages"}],"about":[{"href":"https:\/\/togetherottawaensemble.ca\/fr\/wp-json\/wp\/v2\/types\/page"}],"author":[{"embeddable":true,"href":"https:\/\/togetherottawaensemble.ca\/fr\/wp-json\/wp\/v2\/users\/2"}],"replies":[{"embeddable":true,"href":"https:\/\/togetherottawaensemble.ca\/fr\/wp-json\/wp\/v2\/comments?post=541"}],"version-history":[{"count":3,"href":"https:\/\/togetherottawaensemble.ca\/fr\/wp-json\/wp\/v2\/pages\/541\/revisions"}],"predecessor-version":[{"id":691,"href":"https:\/\/togetherottawaensemble.ca\/fr\/wp-json\/wp\/v2\/pages\/541\/revisions\/691"}],"wp:attachment":[{"href":"https:\/\/togetherottawaensemble.ca\/fr\/wp-json\/wp\/v2\/media?parent=541"}],"curies":[{"name":"wp","href":"https:\/\/api.w.org\/{rel}","templated":true}]}}