{"id":1057,"date":"2022-06-06T16:05:32","date_gmt":"2022-06-06T20:05:32","guid":{"rendered":"https:\/\/togetherottawaensemble.ca\/?post_type=tribe_events&#038;p=1057"},"modified":"2022-06-06T16:05:32","modified_gmt":"2022-06-06T20:05:32","slug":"au-coeur-du-sujet-atelier-sur-le-deuil-et-le-chagrin","status":"publish","type":"tribe_events","link":"https:\/\/togetherottawaensemble.ca\/fr\/event\/au-coeur-du-sujet-atelier-sur-le-deuil-et-le-chagrin\/","title":{"rendered":"Au coeur du sujet: Atelier sur le deuil et le chagrin"},"content":{"rendered":"<p>Dans cet atelier gratuit offert par Compassion Ottawa, vous apprendrez \u00e0 \u00eatre plus \u00e0 l&rsquo;aise avec le deuil gr\u00e2ce \u00e0 une meilleure compr\u00e9hension de ce qu&rsquo;est le deuil et de la mani\u00e8re d&rsquo;accompagner une personne en deuil, en particulier les personnes \u00e2g\u00e9es en deuil. Nous esp\u00e9rons d\u00e9composer le deuil en diff\u00e9rents \u00e9l\u00e9ments qui le rendront plus facile \u00e0 comprendre, et vous offrir des outils et des techniques que vous pourrez commencer \u00e0 utiliser. Nous souhaitons \u00e9galement vous offrir de l&rsquo;espoir.<\/p>\n<p>Inscrivez-vous ici :\u00a0<a href=\"https:\/\/www.eventbrite.ca\/e\/au-cur-du-sujet-atelier-sur-le-deuil-et-le-chagrin-tickets-356772314597\"><span style=\"text-decoration: underline;\">https:\/\/www.eventbrite.ca\/e\/au-cur-du-sujet-atelier-sur-le-deuil-et-le-chagrin-tickets-356772314597<\/span><\/a><\/p>\n<p>Pour plus d&rsquo;informations, contactez Jena \u00e0 l&rsquo;adresse <a href=\"mailto:jena@compassionateottawa.ca\"><span style=\"text-decoration: underline;\">jena@compassionateottawa.ca<\/span><\/a>.<\/p>\n","protected":false},"excerpt":{"rendered":"<p>Dans cet atelier gratuit offert par Compassion Ottawa, vous apprendrez [&hellip;]<\/p>\n","protected":false},"author":4,"featured_media":42,"template":"","meta":{"_tribe_events_status":"","_tribe_events_status_reason":"","footnotes":""},"tags":[],"tribe_events_cat":[78,87,91,67,68,69],"class_list":["post-1057","tribe_events","type-tribe_events","status-publish","has-post-thumbnail","hentry","tribe_events_cat-aines","tribe_events_cat-chagrin","tribe_events_cat-en-ligne","tribe_events_cat-francais","tribe_events_cat-gratuit","tribe_events_cat-ouvert-au-public","cat_aines","cat_chagrin","cat_en-ligne","cat_francais","cat_gratuit","cat_ouvert-au-public"],"acf":[],"yoast_head":"<!-- This site is optimized with the Yoast SEO plugin v27.5 - https:\/\/yoast.com\/product\/yoast-seo-wordpress\/ -->\n<title>Au coeur du sujet: Atelier sur le deuil et le chagrin - Together Ottawa Ensemble<\/title>\n<meta name=\"robots\" content=\"index, follow, max-snippet:-1, max-image-preview:large, max-video-preview:-1\" \/>\n<link rel=\"canonical\" href=\"https:\/\/togetherottawaensemble.ca\/fr\/event\/au-coeur-du-sujet-atelier-sur-le-deuil-et-le-chagrin\/\" \/>\n<meta property=\"og:locale\" content=\"fr_FR\" \/>\n<meta property=\"og:type\" content=\"article\" \/>\n<meta property=\"og:title\" content=\"Au coeur du sujet: Atelier sur le deuil et le chagrin - Together Ottawa Ensemble\" \/>\n<meta property=\"og:description\" content=\"Dans cet atelier gratuit offert par Compassion Ottawa, vous apprendrez [&hellip;]\" \/>\n<meta property=\"og:url\" content=\"https:\/\/togetherottawaensemble.ca\/fr\/event\/au-coeur-du-sujet-atelier-sur-le-deuil-et-le-chagrin\/\" \/>\n<meta property=\"og:site_name\" content=\"Together Ottawa Ensemble\" \/>\n<meta property=\"article:publisher\" content=\"https:\/\/www.facebook.com\/Togetherottawaensemble-106424122008194\" \/>\n<meta property=\"og:image\" content=\"https:\/\/togetherottawaensemble.ca\/wp-content\/uploads\/2021\/12\/iStock-169962681-scaled.jpg\" \/>\n\t<meta property=\"og:image:width\" content=\"2560\" \/>\n\t<meta property=\"og:image:height\" content=\"1853\" \/>\n\t<meta property=\"og:image:type\" content=\"image\/jpeg\" \/>\n<meta name=\"twitter:card\" content=\"summary_large_image\" \/>\n<meta name=\"twitter:site\" content=\"@OttawaEnsemble\" \/>\n<meta name=\"twitter:label1\" content=\"Dur\u00e9e de lecture estim\u00e9e\" \/>\n\t<meta name=\"twitter:data1\" content=\"1 minute\" \/>\n<script type=\"application\/ld+json\" class=\"yoast-schema-graph\">{\"@context\":\"https:\\\/\\\/schema.org\",\"@graph\":[{\"@type\":\"WebPage\",\"@id\":\"https:\\\/\\\/togetherottawaensemble.ca\\\/fr\\\/event\\\/au-coeur-du-sujet-atelier-sur-le-deuil-et-le-chagrin\\\/\",\"url\":\"https:\\\/\\\/togetherottawaensemble.ca\\\/fr\\\/event\\\/au-coeur-du-sujet-atelier-sur-le-deuil-et-le-chagrin\\\/\",\"name\":\"Au coeur du sujet: Atelier sur le deuil et le chagrin - Together Ottawa Ensemble\",\"isPartOf\":{\"@id\":\"https:\\\/\\\/togetherottawaensemble.ca\\\/fr\\\/#website\"},\"primaryImageOfPage\":{\"@id\":\"https:\\\/\\\/togetherottawaensemble.ca\\\/fr\\\/event\\\/au-coeur-du-sujet-atelier-sur-le-deuil-et-le-chagrin\\\/#primaryimage\"},\"image\":{\"@id\":\"https:\\\/\\\/togetherottawaensemble.ca\\\/fr\\\/event\\\/au-coeur-du-sujet-atelier-sur-le-deuil-et-le-chagrin\\\/#primaryimage\"},\"thumbnailUrl\":\"https:\\\/\\\/togetherottawaensemble.ca\\\/wp-content\\\/uploads\\\/2021\\\/12\\\/iStock-169962681-scaled.jpg\",\"datePublished\":\"2022-06-06T20:05:32+00:00\",\"breadcrumb\":{\"@id\":\"https:\\\/\\\/togetherottawaensemble.ca\\\/fr\\\/event\\\/au-coeur-du-sujet-atelier-sur-le-deuil-et-le-chagrin\\\/#breadcrumb\"},\"inLanguage\":\"fr-FR\",\"potentialAction\":[{\"@type\":\"ReadAction\",\"target\":[\"https:\\\/\\\/togetherottawaensemble.ca\\\/fr\\\/event\\\/au-coeur-du-sujet-atelier-sur-le-deuil-et-le-chagrin\\\/\"]}]},{\"@type\":\"ImageObject\",\"inLanguage\":\"fr-FR\",\"@id\":\"https:\\\/\\\/togetherottawaensemble.ca\\\/fr\\\/event\\\/au-coeur-du-sujet-atelier-sur-le-deuil-et-le-chagrin\\\/#primaryimage\",\"url\":\"https:\\\/\\\/togetherottawaensemble.ca\\\/wp-content\\\/uploads\\\/2021\\\/12\\\/iStock-169962681-scaled.jpg\",\"contentUrl\":\"https:\\\/\\\/togetherottawaensemble.ca\\\/wp-content\\\/uploads\\\/2021\\\/12\\\/iStock-169962681-scaled.jpg\",\"width\":2560,\"height\":1853,\"caption\":\"A devastated senior man dealing with some terrible news\"},{\"@type\":\"BreadcrumbList\",\"@id\":\"https:\\\/\\\/togetherottawaensemble.ca\\\/fr\\\/event\\\/au-coeur-du-sujet-atelier-sur-le-deuil-et-le-chagrin\\\/#breadcrumb\",\"itemListElement\":[{\"@type\":\"ListItem\",\"position\":1,\"name\":\"Home\",\"item\":\"https:\\\/\\\/togetherottawaensemble.ca\\\/fr\\\/\"},{\"@type\":\"ListItem\",\"position\":2,\"name\":\"\u00c9v\u00e8nements\",\"item\":\"https:\\\/\\\/togetherottawaensemble.ca\\\/fr\\\/evenements\\\/\"},{\"@type\":\"ListItem\",\"position\":3,\"name\":\"Au coeur du sujet: Atelier sur le deuil et le chagrin\"}]},{\"@type\":\"WebSite\",\"@id\":\"https:\\\/\\\/togetherottawaensemble.ca\\\/fr\\\/#website\",\"url\":\"https:\\\/\\\/togetherottawaensemble.ca\\\/fr\\\/\",\"name\":\"Together Ottawa Ensemble\",\"description\":\"R\u00e9tablir nos liens communautaires\",\"publisher\":{\"@id\":\"https:\\\/\\\/togetherottawaensemble.ca\\\/fr\\\/#organization\"},\"potentialAction\":[{\"@type\":\"SearchAction\",\"target\":{\"@type\":\"EntryPoint\",\"urlTemplate\":\"https:\\\/\\\/togetherottawaensemble.ca\\\/fr\\\/?s={search_term_string}\"},\"query-input\":{\"@type\":\"PropertyValueSpecification\",\"valueRequired\":true,\"valueName\":\"search_term_string\"}}],\"inLanguage\":\"fr-FR\"},{\"@type\":\"Organization\",\"@id\":\"https:\\\/\\\/togetherottawaensemble.ca\\\/fr\\\/#organization\",\"name\":\"Together Ottawa Ensemble\",\"url\":\"https:\\\/\\\/togetherottawaensemble.ca\\\/fr\\\/\",\"logo\":{\"@type\":\"ImageObject\",\"inLanguage\":\"fr-FR\",\"@id\":\"https:\\\/\\\/togetherottawaensemble.ca\\\/fr\\\/#\\\/schema\\\/logo\\\/image\\\/\",\"url\":\"https:\\\/\\\/togetherottawaensemble.ca\\\/wp-content\\\/uploads\\\/2022\\\/04\\\/Logo_TogetherOttawaEnsemble_RGB.jpg\",\"contentUrl\":\"https:\\\/\\\/togetherottawaensemble.ca\\\/wp-content\\\/uploads\\\/2022\\\/04\\\/Logo_TogetherOttawaEnsemble_RGB.jpg\",\"width\":400,\"height\":200,\"caption\":\"Together Ottawa Ensemble\"},\"image\":{\"@id\":\"https:\\\/\\\/togetherottawaensemble.ca\\\/fr\\\/#\\\/schema\\\/logo\\\/image\\\/\"},\"sameAs\":[\"https:\\\/\\\/www.facebook.com\\\/Togetherottawaensemble-106424122008194\",\"https:\\\/\\\/x.com\\\/OttawaEnsemble\",\"https:\\\/\\\/www.instagram.com\\\/togetherottawaensemble\\\/\"]}]}<\/script>\n<!-- \/ Yoast SEO plugin. -->","yoast_head_json":{"title":"Au coeur du sujet: Atelier sur le deuil et le chagrin - Together Ottawa Ensemble","robots":{"index":"index","follow":"follow","max-snippet":"max-snippet:-1","max-image-preview":"max-image-preview:large","max-video-preview":"max-video-preview:-1"},"canonical":"https:\/\/togetherottawaensemble.ca\/fr\/event\/au-coeur-du-sujet-atelier-sur-le-deuil-et-le-chagrin\/","og_locale":"fr_FR","og_type":"article","og_title":"Au coeur du sujet: Atelier sur le deuil et le chagrin - Together Ottawa Ensemble","og_description":"Dans cet atelier gratuit offert par Compassion Ottawa, vous apprendrez [&hellip;]","og_url":"https:\/\/togetherottawaensemble.ca\/fr\/event\/au-coeur-du-sujet-atelier-sur-le-deuil-et-le-chagrin\/","og_site_name":"Together Ottawa Ensemble","article_publisher":"https:\/\/www.facebook.com\/Togetherottawaensemble-106424122008194","og_image":[{"width":2560,"height":1853,"url":"https:\/\/togetherottawaensemble.ca\/wp-content\/uploads\/2021\/12\/iStock-169962681-scaled.jpg","type":"image\/jpeg"}],"twitter_card":"summary_large_image","twitter_site":"@OttawaEnsemble","twitter_misc":{"Dur\u00e9e de lecture estim\u00e9e":"1 minute"},"schema":{"@context":"https:\/\/schema.org","@graph":[{"@type":"WebPage","@id":"https:\/\/togetherottawaensemble.ca\/fr\/event\/au-coeur-du-sujet-atelier-sur-le-deuil-et-le-chagrin\/","url":"https:\/\/togetherottawaensemble.ca\/fr\/event\/au-coeur-du-sujet-atelier-sur-le-deuil-et-le-chagrin\/","name":"Au coeur du sujet: Atelier sur le deuil et le chagrin - Together Ottawa Ensemble","isPartOf":{"@id":"https:\/\/togetherottawaensemble.ca\/fr\/#website"},"primaryImageOfPage":{"@id":"https:\/\/togetherottawaensemble.ca\/fr\/event\/au-coeur-du-sujet-atelier-sur-le-deuil-et-le-chagrin\/#primaryimage"},"image":{"@id":"https:\/\/togetherottawaensemble.ca\/fr\/event\/au-coeur-du-sujet-atelier-sur-le-deuil-et-le-chagrin\/#primaryimage"},"thumbnailUrl":"https:\/\/togetherottawaensemble.ca\/wp-content\/uploads\/2021\/12\/iStock-169962681-scaled.jpg","datePublished":"2022-06-06T20:05:32+00:00","breadcrumb":{"@id":"https:\/\/togetherottawaensemble.ca\/fr\/event\/au-coeur-du-sujet-atelier-sur-le-deuil-et-le-chagrin\/#breadcrumb"},"inLanguage":"fr-FR","potentialAction":[{"@type":"ReadAction","target":["https:\/\/togetherottawaensemble.ca\/fr\/event\/au-coeur-du-sujet-atelier-sur-le-deuil-et-le-chagrin\/"]}]},{"@type":"ImageObject","inLanguage":"fr-FR","@id":"https:\/\/togetherottawaensemble.ca\/fr\/event\/au-coeur-du-sujet-atelier-sur-le-deuil-et-le-chagrin\/#primaryimage","url":"https:\/\/togetherottawaensemble.ca\/wp-content\/uploads\/2021\/12\/iStock-169962681-scaled.jpg","contentUrl":"https:\/\/togetherottawaensemble.ca\/wp-content\/uploads\/2021\/12\/iStock-169962681-scaled.jpg","width":2560,"height":1853,"caption":"A devastated senior man dealing with some terrible news"},{"@type":"BreadcrumbList","@id":"https:\/\/togetherottawaensemble.ca\/fr\/event\/au-coeur-du-sujet-atelier-sur-le-deuil-et-le-chagrin\/#breadcrumb","itemListElement":[{"@type":"ListItem","position":1,"name":"Home","item":"https:\/\/togetherottawaensemble.ca\/fr\/"},{"@type":"ListItem","position":2,"name":"\u00c9v\u00e8nements","item":"https:\/\/togetherottawaensemble.ca\/fr\/evenements\/"},{"@type":"ListItem","position":3,"name":"Au coeur du sujet: Atelier sur le deuil et le chagrin"}]},{"@type":"WebSite","@id":"https:\/\/togetherottawaensemble.ca\/fr\/#website","url":"https:\/\/togetherottawaensemble.ca\/fr\/","name":"Together Ottawa Ensemble","description":"R\u00e9tablir nos liens communautaires","publisher":{"@id":"https:\/\/togetherottawaensemble.ca\/fr\/#organization"},"potentialAction":[{"@type":"SearchAction","target":{"@type":"EntryPoint","urlTemplate":"https:\/\/togetherottawaensemble.ca\/fr\/?s={search_term_string}"},"query-input":{"@type":"PropertyValueSpecification","valueRequired":true,"valueName":"search_term_string"}}],"inLanguage":"fr-FR"},{"@type":"Organization","@id":"https:\/\/togetherottawaensemble.ca\/fr\/#organization","name":"Together Ottawa Ensemble","url":"https:\/\/togetherottawaensemble.ca\/fr\/","logo":{"@type":"ImageObject","inLanguage":"fr-FR","@id":"https:\/\/togetherottawaensemble.ca\/fr\/#\/schema\/logo\/image\/","url":"https:\/\/togetherottawaensemble.ca\/wp-content\/uploads\/2022\/04\/Logo_TogetherOttawaEnsemble_RGB.jpg","contentUrl":"https:\/\/togetherottawaensemble.ca\/wp-content\/uploads\/2022\/04\/Logo_TogetherOttawaEnsemble_RGB.jpg","width":400,"height":200,"caption":"Together Ottawa Ensemble"},"image":{"@id":"https:\/\/togetherottawaensemble.ca\/fr\/#\/schema\/logo\/image\/"},"sameAs":["https:\/\/www.facebook.com\/Togetherottawaensemble-106424122008194","https:\/\/x.com\/OttawaEnsemble","https:\/\/www.instagram.com\/togetherottawaensemble\/"]}]}},"_links":{"self":[{"href":"https:\/\/togetherottawaensemble.ca\/fr\/wp-json\/wp\/v2\/tribe_events\/1057","targetHints":{"allow":["GET"]}}],"collection":[{"href":"https:\/\/togetherottawaensemble.ca\/fr\/wp-json\/wp\/v2\/tribe_events"}],"about":[{"href":"https:\/\/togetherottawaensemble.ca\/fr\/wp-json\/wp\/v2\/types\/tribe_events"}],"author":[{"embeddable":true,"href":"https:\/\/togetherottawaensemble.ca\/fr\/wp-json\/wp\/v2\/users\/4"}],"version-history":[{"count":1,"href":"https:\/\/togetherottawaensemble.ca\/fr\/wp-json\/wp\/v2\/tribe_events\/1057\/revisions"}],"predecessor-version":[{"id":1058,"href":"https:\/\/togetherottawaensemble.ca\/fr\/wp-json\/wp\/v2\/tribe_events\/1057\/revisions\/1058"}],"wp:featuredmedia":[{"embeddable":true,"href":"https:\/\/togetherottawaensemble.ca\/fr\/wp-json\/wp\/v2\/media\/42"}],"wp:attachment":[{"href":"https:\/\/togetherottawaensemble.ca\/fr\/wp-json\/wp\/v2\/media?parent=1057"}],"wp:term":[{"taxonomy":"post_tag","embeddable":true,"href":"https:\/\/togetherottawaensemble.ca\/fr\/wp-json\/wp\/v2\/tags?post=1057"},{"taxonomy":"tribe_events_cat","embeddable":true,"href":"https:\/\/togetherottawaensemble.ca\/fr\/wp-json\/wp\/v2\/tribe_events_cat?post=1057"}],"curies":[{"name":"wp","href":"https:\/\/api.w.org\/{rel}","templated":true}]}}