{"id":720,"date":"2022-05-04T15:09:55","date_gmt":"2022-05-04T19:09:55","guid":{"rendered":"https:\/\/togetherottawaensemble.ca\/event\/kcssc-mothers-day-event-2\/"},"modified":"2022-05-09T10:01:10","modified_gmt":"2022-05-09T14:01:10","slug":"kcssc-mothers-day-event","status":"publish","type":"tribe_events","link":"https:\/\/togetherottawaensemble.ca\/fr\/event\/kcssc-mothers-day-event\/","title":{"rendered":"KCSSC \u00c9v\u00e9nement de la f\u00eate des m\u00e8res"},"content":{"rendered":"<p>Interg\u00e9n\u00e9ration ensemble pour c\u00e9l\u00e9brer la f\u00eate des m\u00e8res !<\/p>\n<p>Cet \u00e9v\u00e9nement communautaire de c\u00e9l\u00e9bration de la f\u00eate, organis\u00e9 et accueilli par le Kanata Chinese Seniors Support Centre, sera centr\u00e9 sur la musique et le son. Il est ouvert \u00e0 tous, se d\u00e9roulera en anglais et en mandarin, et est facilement accessible en tant qu&rsquo;\u00e9v\u00e9nement virtuel Zoom.<\/p>\n<p>Pour plus d&rsquo;informations et pour participer \u00e0 cet \u00e9v\u00e9nement, contactez wjho.kcssc@gmail.com.<\/p>\n","protected":false},"excerpt":{"rendered":"<p>Intergeneration together to celebrate Mother&rsquo;s Day!<\/p>\n","protected":false},"author":4,"featured_media":706,"template":"","meta":{"_tribe_events_status":"","_tribe_events_status_reason":"","footnotes":""},"tags":[32,31,33],"tribe_events_cat":[34,35,36],"class_list":["post-720","tribe_events","type-tribe_events","status-publish","has-post-thumbnail","hentry","tag-free-fr","tag-online-fr","tag-public-fr","tribe_events_cat-free-fr","tribe_events_cat-online-fr","tribe_events_cat-open-to-public-fr","cat_free-fr","cat_online-fr","cat_open-to-public-fr"],"acf":[],"yoast_head":"<!-- This site is optimized with the Yoast SEO plugin v27.5 - https:\/\/yoast.com\/product\/yoast-seo-wordpress\/ -->\n<title>KCSSC \u00c9v\u00e9nement de la f\u00eate des m\u00e8res - Together Ottawa Ensemble<\/title>\n<meta name=\"robots\" content=\"index, follow, max-snippet:-1, max-image-preview:large, max-video-preview:-1\" \/>\n<link rel=\"canonical\" href=\"https:\/\/togetherottawaensemble.ca\/fr\/event\/kcssc-mothers-day-event\/\" \/>\n<meta property=\"og:locale\" content=\"fr_FR\" \/>\n<meta property=\"og:type\" content=\"article\" \/>\n<meta property=\"og:title\" content=\"KCSSC \u00c9v\u00e9nement de la f\u00eate des m\u00e8res - Together Ottawa Ensemble\" \/>\n<meta property=\"og:description\" content=\"Intergeneration together to celebrate Mother&#039;s Day!\" \/>\n<meta property=\"og:url\" content=\"https:\/\/togetherottawaensemble.ca\/fr\/event\/kcssc-mothers-day-event\/\" \/>\n<meta property=\"og:site_name\" content=\"Together Ottawa Ensemble\" \/>\n<meta property=\"article:publisher\" content=\"https:\/\/www.facebook.com\/Togetherottawaensemble-106424122008194\" \/>\n<meta property=\"article:modified_time\" content=\"2022-05-09T14:01:10+00:00\" \/>\n<meta property=\"og:image\" content=\"https:\/\/togetherottawaensemble.ca\/wp-content\/uploads\/2022\/01\/pexels-george-dolgikh-giftpunditscom-2072170-scaled.jpg\" \/>\n\t<meta property=\"og:image:width\" content=\"2560\" \/>\n\t<meta property=\"og:image:height\" content=\"1707\" \/>\n\t<meta property=\"og:image:type\" content=\"image\/jpeg\" \/>\n<meta name=\"twitter:card\" content=\"summary_large_image\" \/>\n<meta name=\"twitter:site\" content=\"@OttawaEnsemble\" \/>\n<meta name=\"twitter:label1\" content=\"Dur\u00e9e de lecture estim\u00e9e\" \/>\n\t<meta name=\"twitter:data1\" content=\"1 minute\" \/>\n<script type=\"application\/ld+json\" class=\"yoast-schema-graph\">{\"@context\":\"https:\\\/\\\/schema.org\",\"@graph\":[{\"@type\":\"WebPage\",\"@id\":\"https:\\\/\\\/togetherottawaensemble.ca\\\/fr\\\/event\\\/kcssc-mothers-day-event\\\/\",\"url\":\"https:\\\/\\\/togetherottawaensemble.ca\\\/fr\\\/event\\\/kcssc-mothers-day-event\\\/\",\"name\":\"KCSSC \u00c9v\u00e9nement de la f\u00eate des m\u00e8res - Together Ottawa Ensemble\",\"isPartOf\":{\"@id\":\"https:\\\/\\\/togetherottawaensemble.ca\\\/fr\\\/#website\"},\"primaryImageOfPage\":{\"@id\":\"https:\\\/\\\/togetherottawaensemble.ca\\\/fr\\\/event\\\/kcssc-mothers-day-event\\\/#primaryimage\"},\"image\":{\"@id\":\"https:\\\/\\\/togetherottawaensemble.ca\\\/fr\\\/event\\\/kcssc-mothers-day-event\\\/#primaryimage\"},\"thumbnailUrl\":\"https:\\\/\\\/togetherottawaensemble.ca\\\/wp-content\\\/uploads\\\/2022\\\/01\\\/pexels-george-dolgikh-giftpunditscom-2072170-scaled.jpg\",\"datePublished\":\"2022-05-04T19:09:55+00:00\",\"dateModified\":\"2022-05-09T14:01:10+00:00\",\"breadcrumb\":{\"@id\":\"https:\\\/\\\/togetherottawaensemble.ca\\\/fr\\\/event\\\/kcssc-mothers-day-event\\\/#breadcrumb\"},\"inLanguage\":\"fr-FR\",\"potentialAction\":[{\"@type\":\"ReadAction\",\"target\":[\"https:\\\/\\\/togetherottawaensemble.ca\\\/fr\\\/event\\\/kcssc-mothers-day-event\\\/\"]}]},{\"@type\":\"ImageObject\",\"inLanguage\":\"fr-FR\",\"@id\":\"https:\\\/\\\/togetherottawaensemble.ca\\\/fr\\\/event\\\/kcssc-mothers-day-event\\\/#primaryimage\",\"url\":\"https:\\\/\\\/togetherottawaensemble.ca\\\/wp-content\\\/uploads\\\/2022\\\/01\\\/pexels-george-dolgikh-giftpunditscom-2072170-scaled.jpg\",\"contentUrl\":\"https:\\\/\\\/togetherottawaensemble.ca\\\/wp-content\\\/uploads\\\/2022\\\/01\\\/pexels-george-dolgikh-giftpunditscom-2072170-scaled.jpg\",\"width\":2560,\"height\":1707},{\"@type\":\"BreadcrumbList\",\"@id\":\"https:\\\/\\\/togetherottawaensemble.ca\\\/fr\\\/event\\\/kcssc-mothers-day-event\\\/#breadcrumb\",\"itemListElement\":[{\"@type\":\"ListItem\",\"position\":1,\"name\":\"Home\",\"item\":\"https:\\\/\\\/togetherottawaensemble.ca\\\/fr\\\/\"},{\"@type\":\"ListItem\",\"position\":2,\"name\":\"\u00c9v\u00e8nements\",\"item\":\"https:\\\/\\\/togetherottawaensemble.ca\\\/fr\\\/evenements\\\/\"},{\"@type\":\"ListItem\",\"position\":3,\"name\":\"KCSSC \u00c9v\u00e9nement de la f\u00eate des m\u00e8res\"}]},{\"@type\":\"WebSite\",\"@id\":\"https:\\\/\\\/togetherottawaensemble.ca\\\/fr\\\/#website\",\"url\":\"https:\\\/\\\/togetherottawaensemble.ca\\\/fr\\\/\",\"name\":\"Together Ottawa Ensemble\",\"description\":\"R\u00e9tablir nos liens communautaires\",\"publisher\":{\"@id\":\"https:\\\/\\\/togetherottawaensemble.ca\\\/fr\\\/#organization\"},\"potentialAction\":[{\"@type\":\"SearchAction\",\"target\":{\"@type\":\"EntryPoint\",\"urlTemplate\":\"https:\\\/\\\/togetherottawaensemble.ca\\\/fr\\\/?s={search_term_string}\"},\"query-input\":{\"@type\":\"PropertyValueSpecification\",\"valueRequired\":true,\"valueName\":\"search_term_string\"}}],\"inLanguage\":\"fr-FR\"},{\"@type\":\"Organization\",\"@id\":\"https:\\\/\\\/togetherottawaensemble.ca\\\/fr\\\/#organization\",\"name\":\"Together Ottawa Ensemble\",\"url\":\"https:\\\/\\\/togetherottawaensemble.ca\\\/fr\\\/\",\"logo\":{\"@type\":\"ImageObject\",\"inLanguage\":\"fr-FR\",\"@id\":\"https:\\\/\\\/togetherottawaensemble.ca\\\/fr\\\/#\\\/schema\\\/logo\\\/image\\\/\",\"url\":\"https:\\\/\\\/togetherottawaensemble.ca\\\/wp-content\\\/uploads\\\/2022\\\/04\\\/Logo_TogetherOttawaEnsemble_RGB.jpg\",\"contentUrl\":\"https:\\\/\\\/togetherottawaensemble.ca\\\/wp-content\\\/uploads\\\/2022\\\/04\\\/Logo_TogetherOttawaEnsemble_RGB.jpg\",\"width\":400,\"height\":200,\"caption\":\"Together Ottawa Ensemble\"},\"image\":{\"@id\":\"https:\\\/\\\/togetherottawaensemble.ca\\\/fr\\\/#\\\/schema\\\/logo\\\/image\\\/\"},\"sameAs\":[\"https:\\\/\\\/www.facebook.com\\\/Togetherottawaensemble-106424122008194\",\"https:\\\/\\\/x.com\\\/OttawaEnsemble\",\"https:\\\/\\\/www.instagram.com\\\/togetherottawaensemble\\\/\"]}]}<\/script>\n<!-- \/ Yoast SEO plugin. -->","yoast_head_json":{"title":"KCSSC \u00c9v\u00e9nement de la f\u00eate des m\u00e8res - Together Ottawa Ensemble","robots":{"index":"index","follow":"follow","max-snippet":"max-snippet:-1","max-image-preview":"max-image-preview:large","max-video-preview":"max-video-preview:-1"},"canonical":"https:\/\/togetherottawaensemble.ca\/fr\/event\/kcssc-mothers-day-event\/","og_locale":"fr_FR","og_type":"article","og_title":"KCSSC \u00c9v\u00e9nement de la f\u00eate des m\u00e8res - Together Ottawa Ensemble","og_description":"Intergeneration together to celebrate Mother's Day!","og_url":"https:\/\/togetherottawaensemble.ca\/fr\/event\/kcssc-mothers-day-event\/","og_site_name":"Together Ottawa Ensemble","article_publisher":"https:\/\/www.facebook.com\/Togetherottawaensemble-106424122008194","article_modified_time":"2022-05-09T14:01:10+00:00","og_image":[{"width":2560,"height":1707,"url":"https:\/\/togetherottawaensemble.ca\/wp-content\/uploads\/2022\/01\/pexels-george-dolgikh-giftpunditscom-2072170-scaled.jpg","type":"image\/jpeg"}],"twitter_card":"summary_large_image","twitter_site":"@OttawaEnsemble","twitter_misc":{"Dur\u00e9e de lecture estim\u00e9e":"1 minute"},"schema":{"@context":"https:\/\/schema.org","@graph":[{"@type":"WebPage","@id":"https:\/\/togetherottawaensemble.ca\/fr\/event\/kcssc-mothers-day-event\/","url":"https:\/\/togetherottawaensemble.ca\/fr\/event\/kcssc-mothers-day-event\/","name":"KCSSC \u00c9v\u00e9nement de la f\u00eate des m\u00e8res - Together Ottawa Ensemble","isPartOf":{"@id":"https:\/\/togetherottawaensemble.ca\/fr\/#website"},"primaryImageOfPage":{"@id":"https:\/\/togetherottawaensemble.ca\/fr\/event\/kcssc-mothers-day-event\/#primaryimage"},"image":{"@id":"https:\/\/togetherottawaensemble.ca\/fr\/event\/kcssc-mothers-day-event\/#primaryimage"},"thumbnailUrl":"https:\/\/togetherottawaensemble.ca\/wp-content\/uploads\/2022\/01\/pexels-george-dolgikh-giftpunditscom-2072170-scaled.jpg","datePublished":"2022-05-04T19:09:55+00:00","dateModified":"2022-05-09T14:01:10+00:00","breadcrumb":{"@id":"https:\/\/togetherottawaensemble.ca\/fr\/event\/kcssc-mothers-day-event\/#breadcrumb"},"inLanguage":"fr-FR","potentialAction":[{"@type":"ReadAction","target":["https:\/\/togetherottawaensemble.ca\/fr\/event\/kcssc-mothers-day-event\/"]}]},{"@type":"ImageObject","inLanguage":"fr-FR","@id":"https:\/\/togetherottawaensemble.ca\/fr\/event\/kcssc-mothers-day-event\/#primaryimage","url":"https:\/\/togetherottawaensemble.ca\/wp-content\/uploads\/2022\/01\/pexels-george-dolgikh-giftpunditscom-2072170-scaled.jpg","contentUrl":"https:\/\/togetherottawaensemble.ca\/wp-content\/uploads\/2022\/01\/pexels-george-dolgikh-giftpunditscom-2072170-scaled.jpg","width":2560,"height":1707},{"@type":"BreadcrumbList","@id":"https:\/\/togetherottawaensemble.ca\/fr\/event\/kcssc-mothers-day-event\/#breadcrumb","itemListElement":[{"@type":"ListItem","position":1,"name":"Home","item":"https:\/\/togetherottawaensemble.ca\/fr\/"},{"@type":"ListItem","position":2,"name":"\u00c9v\u00e8nements","item":"https:\/\/togetherottawaensemble.ca\/fr\/evenements\/"},{"@type":"ListItem","position":3,"name":"KCSSC \u00c9v\u00e9nement de la f\u00eate des m\u00e8res"}]},{"@type":"WebSite","@id":"https:\/\/togetherottawaensemble.ca\/fr\/#website","url":"https:\/\/togetherottawaensemble.ca\/fr\/","name":"Together Ottawa Ensemble","description":"R\u00e9tablir nos liens communautaires","publisher":{"@id":"https:\/\/togetherottawaensemble.ca\/fr\/#organization"},"potentialAction":[{"@type":"SearchAction","target":{"@type":"EntryPoint","urlTemplate":"https:\/\/togetherottawaensemble.ca\/fr\/?s={search_term_string}"},"query-input":{"@type":"PropertyValueSpecification","valueRequired":true,"valueName":"search_term_string"}}],"inLanguage":"fr-FR"},{"@type":"Organization","@id":"https:\/\/togetherottawaensemble.ca\/fr\/#organization","name":"Together Ottawa Ensemble","url":"https:\/\/togetherottawaensemble.ca\/fr\/","logo":{"@type":"ImageObject","inLanguage":"fr-FR","@id":"https:\/\/togetherottawaensemble.ca\/fr\/#\/schema\/logo\/image\/","url":"https:\/\/togetherottawaensemble.ca\/wp-content\/uploads\/2022\/04\/Logo_TogetherOttawaEnsemble_RGB.jpg","contentUrl":"https:\/\/togetherottawaensemble.ca\/wp-content\/uploads\/2022\/04\/Logo_TogetherOttawaEnsemble_RGB.jpg","width":400,"height":200,"caption":"Together Ottawa Ensemble"},"image":{"@id":"https:\/\/togetherottawaensemble.ca\/fr\/#\/schema\/logo\/image\/"},"sameAs":["https:\/\/www.facebook.com\/Togetherottawaensemble-106424122008194","https:\/\/x.com\/OttawaEnsemble","https:\/\/www.instagram.com\/togetherottawaensemble\/"]}]}},"_links":{"self":[{"href":"https:\/\/togetherottawaensemble.ca\/fr\/wp-json\/wp\/v2\/tribe_events\/720","targetHints":{"allow":["GET"]}}],"collection":[{"href":"https:\/\/togetherottawaensemble.ca\/fr\/wp-json\/wp\/v2\/tribe_events"}],"about":[{"href":"https:\/\/togetherottawaensemble.ca\/fr\/wp-json\/wp\/v2\/types\/tribe_events"}],"author":[{"embeddable":true,"href":"https:\/\/togetherottawaensemble.ca\/fr\/wp-json\/wp\/v2\/users\/4"}],"version-history":[{"count":3,"href":"https:\/\/togetherottawaensemble.ca\/fr\/wp-json\/wp\/v2\/tribe_events\/720\/revisions"}],"predecessor-version":[{"id":751,"href":"https:\/\/togetherottawaensemble.ca\/fr\/wp-json\/wp\/v2\/tribe_events\/720\/revisions\/751"}],"wp:featuredmedia":[{"embeddable":true,"href":"https:\/\/togetherottawaensemble.ca\/fr\/wp-json\/wp\/v2\/media\/706"}],"wp:attachment":[{"href":"https:\/\/togetherottawaensemble.ca\/fr\/wp-json\/wp\/v2\/media?parent=720"}],"wp:term":[{"taxonomy":"post_tag","embeddable":true,"href":"https:\/\/togetherottawaensemble.ca\/fr\/wp-json\/wp\/v2\/tags?post=720"},{"taxonomy":"tribe_events_cat","embeddable":true,"href":"https:\/\/togetherottawaensemble.ca\/fr\/wp-json\/wp\/v2\/tribe_events_cat?post=720"}],"curies":[{"name":"wp","href":"https:\/\/api.w.org\/{rel}","templated":true}]}}