{"id":783,"date":"2022-05-11T09:37:03","date_gmt":"2022-05-11T13:37:03","guid":{"rendered":"https:\/\/togetherottawaensemble.ca\/?post_type=tribe_events&#038;p=783"},"modified":"2022-05-11T09:37:03","modified_gmt":"2022-05-11T13:37:03","slug":"une-soiree-avec-le-dr-allan-kellehear","status":"publish","type":"tribe_events","link":"https:\/\/togetherottawaensemble.ca\/fr\/event\/une-soiree-avec-le-dr-allan-kellehear\/","title":{"rendered":"Une soir\u00e9e avec le Dr Allan Kellehear"},"content":{"rendered":"<p>Le mourir, la mort, la perte et la prestation de soins nous touchent tous. Cela se produit au sein de nos familles et de notre communaut\u00e9. Comment pouvons-nous nous pr\u00e9parer, ainsi que les lieux o\u00f9 nous vivons, travaillons et jouons, \u00e0 soutenir ceux que nous aimons\u2009? Comment pouvons-nous promouvoir des valeurs et des actions \u00e0 Ottawa afin que la mort soit consid\u00e9r\u00e9e comme la responsabilit\u00e9 de tous, et non seulement celle des professionnels de la sant\u00e9\u2009?<\/p>\n<p>Joignez-vous \u00e0 nous pour une pr\u00e9sentation stimulante et une conversation avec le Dr Allan Kellehear, champion international, afin d\u2019en apprendre davantage sur l\u2019approche de sant\u00e9 publique en mati\u00e8re de soins palliatifs. Allan partagera des exemples o\u00f9 des individus, des communaut\u00e9s et des fournisseurs de soins de sant\u00e9 ont travaill\u00e9 ensemble pour promouvoir des communaut\u00e9s compatissantes. Cet \u00e9v\u00e9nement en anglais seulement, qui comprend une introduction de l\u2019honorable Sharon Carstairs, C.P., C.M., est ouverte au public.<\/p>\n<p>Nous vous encourageons \u00e0 vous inscrire <a href=\"https:\/\/www.eventbrite.com\/e\/an-evening-with-dr-allan-kellehear-tickets-334758390357\"><span style=\"text-decoration: underline;\">ici<\/span><\/a>.<\/p>\n<p>Fi\u00e8rement commandit\u00e9 par Les maisons fun\u00e9raires Tubman.<\/p>\n<p><a href=\"https:\/\/togetherottawaensemble.ca\/wp-content\/uploads\/2022\/05\/Une-soiree-avec-le-Dr-Allan-Kellehear-le-21-juin-2022.pdf\"><span style=\"text-decoration: underline;\">T\u00e9l\u00e9chargez l\u2019affiche de l\u2019\u00e9v\u00e9nement et partagez-la.<\/span><\/a><\/p>\n","protected":false},"excerpt":{"rendered":"<p>Le mourir, la mort, la perte et la prestation de [&hellip;]<\/p>\n","protected":false},"author":4,"featured_media":739,"template":"","meta":{"_tribe_events_status":"","_tribe_events_status_reason":"","footnotes":""},"tags":[],"tribe_events_cat":[71,66,81,68,69],"class_list":["post-783","tribe_events","type-tribe_events","status-publish","has-post-thumbnail","hentry","tribe_events_cat-a-linterieur","tribe_events_cat-anglais","tribe_events_cat-discussion","tribe_events_cat-gratuit","tribe_events_cat-ouvert-au-public","cat_a-linterieur","cat_anglais","cat_discussion","cat_gratuit","cat_ouvert-au-public"],"acf":[],"yoast_head":"<!-- This site is optimized with the Yoast SEO plugin v27.5 - https:\/\/yoast.com\/product\/yoast-seo-wordpress\/ -->\n<title>Une soir\u00e9e avec le Dr Allan Kellehear - Together Ottawa Ensemble<\/title>\n<meta name=\"robots\" content=\"index, follow, max-snippet:-1, max-image-preview:large, max-video-preview:-1\" \/>\n<link rel=\"canonical\" href=\"https:\/\/togetherottawaensemble.ca\/fr\/event\/une-soiree-avec-le-dr-allan-kellehear\/\" \/>\n<meta property=\"og:locale\" content=\"fr_FR\" \/>\n<meta property=\"og:type\" content=\"article\" \/>\n<meta property=\"og:title\" content=\"Une soir\u00e9e avec le Dr Allan Kellehear - Together Ottawa Ensemble\" \/>\n<meta property=\"og:description\" content=\"Le mourir, la mort, la perte et la prestation de [&hellip;]\" \/>\n<meta property=\"og:url\" content=\"https:\/\/togetherottawaensemble.ca\/fr\/event\/une-soiree-avec-le-dr-allan-kellehear\/\" \/>\n<meta property=\"og:site_name\" content=\"Together Ottawa Ensemble\" \/>\n<meta property=\"article:publisher\" content=\"https:\/\/www.facebook.com\/Togetherottawaensemble-106424122008194\" \/>\n<meta property=\"og:image\" content=\"https:\/\/togetherottawaensemble.ca\/wp-content\/uploads\/2022\/05\/allan-kellehear.jpg\" \/>\n\t<meta property=\"og:image:width\" content=\"250\" \/>\n\t<meta property=\"og:image:height\" content=\"250\" \/>\n\t<meta property=\"og:image:type\" content=\"image\/jpeg\" \/>\n<meta name=\"twitter:card\" content=\"summary_large_image\" \/>\n<meta name=\"twitter:site\" content=\"@OttawaEnsemble\" \/>\n<meta name=\"twitter:label1\" content=\"Dur\u00e9e de lecture estim\u00e9e\" \/>\n\t<meta name=\"twitter:data1\" content=\"1 minute\" \/>\n<script type=\"application\/ld+json\" class=\"yoast-schema-graph\">{\"@context\":\"https:\\\/\\\/schema.org\",\"@graph\":[{\"@type\":\"WebPage\",\"@id\":\"https:\\\/\\\/togetherottawaensemble.ca\\\/fr\\\/event\\\/une-soiree-avec-le-dr-allan-kellehear\\\/\",\"url\":\"https:\\\/\\\/togetherottawaensemble.ca\\\/fr\\\/event\\\/une-soiree-avec-le-dr-allan-kellehear\\\/\",\"name\":\"Une soir\u00e9e avec le Dr Allan Kellehear - Together Ottawa Ensemble\",\"isPartOf\":{\"@id\":\"https:\\\/\\\/togetherottawaensemble.ca\\\/fr\\\/#website\"},\"primaryImageOfPage\":{\"@id\":\"https:\\\/\\\/togetherottawaensemble.ca\\\/fr\\\/event\\\/une-soiree-avec-le-dr-allan-kellehear\\\/#primaryimage\"},\"image\":{\"@id\":\"https:\\\/\\\/togetherottawaensemble.ca\\\/fr\\\/event\\\/une-soiree-avec-le-dr-allan-kellehear\\\/#primaryimage\"},\"thumbnailUrl\":\"https:\\\/\\\/togetherottawaensemble.ca\\\/wp-content\\\/uploads\\\/2022\\\/05\\\/allan-kellehear.jpg\",\"datePublished\":\"2022-05-11T13:37:03+00:00\",\"breadcrumb\":{\"@id\":\"https:\\\/\\\/togetherottawaensemble.ca\\\/fr\\\/event\\\/une-soiree-avec-le-dr-allan-kellehear\\\/#breadcrumb\"},\"inLanguage\":\"fr-FR\",\"potentialAction\":[{\"@type\":\"ReadAction\",\"target\":[\"https:\\\/\\\/togetherottawaensemble.ca\\\/fr\\\/event\\\/une-soiree-avec-le-dr-allan-kellehear\\\/\"]}]},{\"@type\":\"ImageObject\",\"inLanguage\":\"fr-FR\",\"@id\":\"https:\\\/\\\/togetherottawaensemble.ca\\\/fr\\\/event\\\/une-soiree-avec-le-dr-allan-kellehear\\\/#primaryimage\",\"url\":\"https:\\\/\\\/togetherottawaensemble.ca\\\/wp-content\\\/uploads\\\/2022\\\/05\\\/allan-kellehear.jpg\",\"contentUrl\":\"https:\\\/\\\/togetherottawaensemble.ca\\\/wp-content\\\/uploads\\\/2022\\\/05\\\/allan-kellehear.jpg\",\"width\":250,\"height\":250},{\"@type\":\"BreadcrumbList\",\"@id\":\"https:\\\/\\\/togetherottawaensemble.ca\\\/fr\\\/event\\\/une-soiree-avec-le-dr-allan-kellehear\\\/#breadcrumb\",\"itemListElement\":[{\"@type\":\"ListItem\",\"position\":1,\"name\":\"Home\",\"item\":\"https:\\\/\\\/togetherottawaensemble.ca\\\/fr\\\/\"},{\"@type\":\"ListItem\",\"position\":2,\"name\":\"\u00c9v\u00e8nements\",\"item\":\"https:\\\/\\\/togetherottawaensemble.ca\\\/fr\\\/evenements\\\/\"},{\"@type\":\"ListItem\",\"position\":3,\"name\":\"Une soir\u00e9e avec le Dr Allan Kellehear\"}]},{\"@type\":\"WebSite\",\"@id\":\"https:\\\/\\\/togetherottawaensemble.ca\\\/fr\\\/#website\",\"url\":\"https:\\\/\\\/togetherottawaensemble.ca\\\/fr\\\/\",\"name\":\"Together Ottawa Ensemble\",\"description\":\"R\u00e9tablir nos liens communautaires\",\"publisher\":{\"@id\":\"https:\\\/\\\/togetherottawaensemble.ca\\\/fr\\\/#organization\"},\"potentialAction\":[{\"@type\":\"SearchAction\",\"target\":{\"@type\":\"EntryPoint\",\"urlTemplate\":\"https:\\\/\\\/togetherottawaensemble.ca\\\/fr\\\/?s={search_term_string}\"},\"query-input\":{\"@type\":\"PropertyValueSpecification\",\"valueRequired\":true,\"valueName\":\"search_term_string\"}}],\"inLanguage\":\"fr-FR\"},{\"@type\":\"Organization\",\"@id\":\"https:\\\/\\\/togetherottawaensemble.ca\\\/fr\\\/#organization\",\"name\":\"Together Ottawa Ensemble\",\"url\":\"https:\\\/\\\/togetherottawaensemble.ca\\\/fr\\\/\",\"logo\":{\"@type\":\"ImageObject\",\"inLanguage\":\"fr-FR\",\"@id\":\"https:\\\/\\\/togetherottawaensemble.ca\\\/fr\\\/#\\\/schema\\\/logo\\\/image\\\/\",\"url\":\"https:\\\/\\\/togetherottawaensemble.ca\\\/wp-content\\\/uploads\\\/2022\\\/04\\\/Logo_TogetherOttawaEnsemble_RGB.jpg\",\"contentUrl\":\"https:\\\/\\\/togetherottawaensemble.ca\\\/wp-content\\\/uploads\\\/2022\\\/04\\\/Logo_TogetherOttawaEnsemble_RGB.jpg\",\"width\":400,\"height\":200,\"caption\":\"Together Ottawa Ensemble\"},\"image\":{\"@id\":\"https:\\\/\\\/togetherottawaensemble.ca\\\/fr\\\/#\\\/schema\\\/logo\\\/image\\\/\"},\"sameAs\":[\"https:\\\/\\\/www.facebook.com\\\/Togetherottawaensemble-106424122008194\",\"https:\\\/\\\/x.com\\\/OttawaEnsemble\",\"https:\\\/\\\/www.instagram.com\\\/togetherottawaensemble\\\/\"]}]}<\/script>\n<!-- \/ Yoast SEO plugin. -->","yoast_head_json":{"title":"Une soir\u00e9e avec le Dr Allan Kellehear - Together Ottawa Ensemble","robots":{"index":"index","follow":"follow","max-snippet":"max-snippet:-1","max-image-preview":"max-image-preview:large","max-video-preview":"max-video-preview:-1"},"canonical":"https:\/\/togetherottawaensemble.ca\/fr\/event\/une-soiree-avec-le-dr-allan-kellehear\/","og_locale":"fr_FR","og_type":"article","og_title":"Une soir\u00e9e avec le Dr Allan Kellehear - Together Ottawa Ensemble","og_description":"Le mourir, la mort, la perte et la prestation de [&hellip;]","og_url":"https:\/\/togetherottawaensemble.ca\/fr\/event\/une-soiree-avec-le-dr-allan-kellehear\/","og_site_name":"Together Ottawa Ensemble","article_publisher":"https:\/\/www.facebook.com\/Togetherottawaensemble-106424122008194","og_image":[{"width":250,"height":250,"url":"https:\/\/togetherottawaensemble.ca\/wp-content\/uploads\/2022\/05\/allan-kellehear.jpg","type":"image\/jpeg"}],"twitter_card":"summary_large_image","twitter_site":"@OttawaEnsemble","twitter_misc":{"Dur\u00e9e de lecture estim\u00e9e":"1 minute"},"schema":{"@context":"https:\/\/schema.org","@graph":[{"@type":"WebPage","@id":"https:\/\/togetherottawaensemble.ca\/fr\/event\/une-soiree-avec-le-dr-allan-kellehear\/","url":"https:\/\/togetherottawaensemble.ca\/fr\/event\/une-soiree-avec-le-dr-allan-kellehear\/","name":"Une soir\u00e9e avec le Dr Allan Kellehear - Together Ottawa Ensemble","isPartOf":{"@id":"https:\/\/togetherottawaensemble.ca\/fr\/#website"},"primaryImageOfPage":{"@id":"https:\/\/togetherottawaensemble.ca\/fr\/event\/une-soiree-avec-le-dr-allan-kellehear\/#primaryimage"},"image":{"@id":"https:\/\/togetherottawaensemble.ca\/fr\/event\/une-soiree-avec-le-dr-allan-kellehear\/#primaryimage"},"thumbnailUrl":"https:\/\/togetherottawaensemble.ca\/wp-content\/uploads\/2022\/05\/allan-kellehear.jpg","datePublished":"2022-05-11T13:37:03+00:00","breadcrumb":{"@id":"https:\/\/togetherottawaensemble.ca\/fr\/event\/une-soiree-avec-le-dr-allan-kellehear\/#breadcrumb"},"inLanguage":"fr-FR","potentialAction":[{"@type":"ReadAction","target":["https:\/\/togetherottawaensemble.ca\/fr\/event\/une-soiree-avec-le-dr-allan-kellehear\/"]}]},{"@type":"ImageObject","inLanguage":"fr-FR","@id":"https:\/\/togetherottawaensemble.ca\/fr\/event\/une-soiree-avec-le-dr-allan-kellehear\/#primaryimage","url":"https:\/\/togetherottawaensemble.ca\/wp-content\/uploads\/2022\/05\/allan-kellehear.jpg","contentUrl":"https:\/\/togetherottawaensemble.ca\/wp-content\/uploads\/2022\/05\/allan-kellehear.jpg","width":250,"height":250},{"@type":"BreadcrumbList","@id":"https:\/\/togetherottawaensemble.ca\/fr\/event\/une-soiree-avec-le-dr-allan-kellehear\/#breadcrumb","itemListElement":[{"@type":"ListItem","position":1,"name":"Home","item":"https:\/\/togetherottawaensemble.ca\/fr\/"},{"@type":"ListItem","position":2,"name":"\u00c9v\u00e8nements","item":"https:\/\/togetherottawaensemble.ca\/fr\/evenements\/"},{"@type":"ListItem","position":3,"name":"Une soir\u00e9e avec le Dr Allan Kellehear"}]},{"@type":"WebSite","@id":"https:\/\/togetherottawaensemble.ca\/fr\/#website","url":"https:\/\/togetherottawaensemble.ca\/fr\/","name":"Together Ottawa Ensemble","description":"R\u00e9tablir nos liens communautaires","publisher":{"@id":"https:\/\/togetherottawaensemble.ca\/fr\/#organization"},"potentialAction":[{"@type":"SearchAction","target":{"@type":"EntryPoint","urlTemplate":"https:\/\/togetherottawaensemble.ca\/fr\/?s={search_term_string}"},"query-input":{"@type":"PropertyValueSpecification","valueRequired":true,"valueName":"search_term_string"}}],"inLanguage":"fr-FR"},{"@type":"Organization","@id":"https:\/\/togetherottawaensemble.ca\/fr\/#organization","name":"Together Ottawa Ensemble","url":"https:\/\/togetherottawaensemble.ca\/fr\/","logo":{"@type":"ImageObject","inLanguage":"fr-FR","@id":"https:\/\/togetherottawaensemble.ca\/fr\/#\/schema\/logo\/image\/","url":"https:\/\/togetherottawaensemble.ca\/wp-content\/uploads\/2022\/04\/Logo_TogetherOttawaEnsemble_RGB.jpg","contentUrl":"https:\/\/togetherottawaensemble.ca\/wp-content\/uploads\/2022\/04\/Logo_TogetherOttawaEnsemble_RGB.jpg","width":400,"height":200,"caption":"Together Ottawa Ensemble"},"image":{"@id":"https:\/\/togetherottawaensemble.ca\/fr\/#\/schema\/logo\/image\/"},"sameAs":["https:\/\/www.facebook.com\/Togetherottawaensemble-106424122008194","https:\/\/x.com\/OttawaEnsemble","https:\/\/www.instagram.com\/togetherottawaensemble\/"]}]}},"_links":{"self":[{"href":"https:\/\/togetherottawaensemble.ca\/fr\/wp-json\/wp\/v2\/tribe_events\/783","targetHints":{"allow":["GET"]}}],"collection":[{"href":"https:\/\/togetherottawaensemble.ca\/fr\/wp-json\/wp\/v2\/tribe_events"}],"about":[{"href":"https:\/\/togetherottawaensemble.ca\/fr\/wp-json\/wp\/v2\/types\/tribe_events"}],"author":[{"embeddable":true,"href":"https:\/\/togetherottawaensemble.ca\/fr\/wp-json\/wp\/v2\/users\/4"}],"version-history":[{"count":1,"href":"https:\/\/togetherottawaensemble.ca\/fr\/wp-json\/wp\/v2\/tribe_events\/783\/revisions"}],"predecessor-version":[{"id":784,"href":"https:\/\/togetherottawaensemble.ca\/fr\/wp-json\/wp\/v2\/tribe_events\/783\/revisions\/784"}],"wp:featuredmedia":[{"embeddable":true,"href":"https:\/\/togetherottawaensemble.ca\/fr\/wp-json\/wp\/v2\/media\/739"}],"wp:attachment":[{"href":"https:\/\/togetherottawaensemble.ca\/fr\/wp-json\/wp\/v2\/media?parent=783"}],"wp:term":[{"taxonomy":"post_tag","embeddable":true,"href":"https:\/\/togetherottawaensemble.ca\/fr\/wp-json\/wp\/v2\/tags?post=783"},{"taxonomy":"tribe_events_cat","embeddable":true,"href":"https:\/\/togetherottawaensemble.ca\/fr\/wp-json\/wp\/v2\/tribe_events_cat?post=783"}],"curies":[{"name":"wp","href":"https:\/\/api.w.org\/{rel}","templated":true}]}}